{"id":705,"date":"2026-04-14T15:24:08","date_gmt":"2026-04-14T13:24:08","guid":{"rendered":"https:\/\/midsa.es\/nueva\/?page_id=705"},"modified":"2026-04-15T09:29:47","modified_gmt":"2026-04-15T07:29:47","slug":"avis-juridique","status":"publish","type":"page","link":"https:\/\/midsa.es\/fr\/aviso-legal\/","title":{"rendered":"Avis juridique"},"content":{"rendered":"<div class=\"elementor elementor-21\" data-elementor-type=\"wp-page\" data-elementor-id=\"21\" data-elementor-post-type=\"page\">\n<section id=\"contenido-legal\" class=\"elementor-section elementor-top-section elementor-element elementor-element-a87878c espinf espsup elementor-section-boxed elementor-section-height-default elementor-section-height-default\" data-id=\"a87878c\" data-element_type=\"section\" data-e-type=\"section\">\n<div class=\"elementor-container elementor-column-gap-default\">\n<div class=\"elementor-column elementor-col-100 elementor-top-column elementor-element elementor-element-1a0759f\" data-id=\"1a0759f\" data-element_type=\"column\" data-e-type=\"column\">\n<div class=\"elementor-widget-wrap elementor-element-populated\">\n<div class=\"elementor-element elementor-element-9204609 elementor-widget elementor-widget-text-editor\" data-id=\"9204609\" data-element_type=\"widget\" data-e-type=\"widget\" data-widget_type=\"text-editor.default\">\n<div class=\"elementor-widget-container\">\n<h2>1. OBJET<\/h2>\n<p>Les pr\u00e9sentes mentions l\u00e9gales r\u00e9gissent l&#039;utilisation du site web www.clinicamuller.es, propri\u00e9t\u00e9 de MICO SANTOYO SL (ci-apr\u00e8s d\u00e9nomm\u00e9e \u00ab\u00a0LE PROPRI\u00c9TAIRE DU SITE\u00a0\u00bb). En naviguant sur le site web du PROPRI\u00c9TAIRE DU SITE, vous devenez UTILISATEUR et acceptez pleinement et sans r\u00e9serve l&#039;ensemble des conditions \u00e9nonc\u00e9es dans les pr\u00e9sentes mentions l\u00e9gales. Veuillez noter que ces conditions peuvent \u00eatre modifi\u00e9es par le PROPRI\u00c9TAIRE DU SITE sans pr\u00e9avis, auquel cas elles seront publi\u00e9es et annonc\u00e9es dans les meilleurs d\u00e9lais. Par cons\u00e9quent, il est recommand\u00e9 de lire attentivement les pr\u00e9sentes mentions l\u00e9gales si vous souhaitez acc\u00e9der aux informations et services propos\u00e9s sur ce site web et les utiliser. L&#039;utilisateur s&#039;engage \u00e9galement \u00e0 faire un usage appropri\u00e9 du site web, conform\u00e9ment \u00e0 la loi, \u00e0 la bonne foi, \u00e0 l&#039;ordre public, aux usages de la circulation et aux pr\u00e9sentes mentions l\u00e9gales, et sera responsable envers le PROPRI\u00c9TAIRE DU SITE ou envers les tiers de tout dommage pouvant r\u00e9sulter du non-respect de cette obligation.<\/p>\n<p>Toute utilisation autre que celle autoris\u00e9e est express\u00e9ment interdite, et le PROPRI\u00c9TAIRE DU SITE WEB peut refuser ou retirer l&#039;acc\u00e8s et l&#039;utilisation \u00e0 tout moment.<\/p>\n<h2>2. IDENTIFICATION<\/h2>\n<p>Le propri\u00e9taire du site web, conform\u00e9ment \u00e0 la loi 34\/2002 du 11 juillet relative aux services de la soci\u00e9t\u00e9 de l&#039;information et au commerce \u00e9lectronique, vous informe que\u00a0:<\/p>\n<ul>\n<li>Sa raison sociale est : MICO SANTOYO, SL.<\/li>\n<li>Son num\u00e9ro d&#039;identification fiscale (CIF) est\u00a0: B98861230<\/li>\n<li>Son si\u00e8ge social est situ\u00e9 \u00e0 : CALLE SALAMANCA, 52 BAJO \u2013 46005 \u2013 VALENCIA<\/li>\n<\/ul>\n<h2>3. COMMUNICATIONS<\/h2>\n<p>Pour nous contacter, plusieurs moyens de contact sont \u00e0 votre disposition et d\u00e9taill\u00e9s ci-dessous. Courriel\u00a0: midsaodontologia@gmail.com. Toutes les notifications et communications entre les utilisateurs et le propri\u00e9taire du site web seront consid\u00e9r\u00e9es comme valides, \u00e0 toutes fins utiles, lorsqu\u2019elles seront effectu\u00e9es par l\u2019un des moyens indiqu\u00e9s ci-dessus.<\/p>\n<h2>4. CONDITIONS D&#039;ACC\u00c8S ET D&#039;UTILISATION<\/h2>\n<p>Le site web et ses services sont gratuits et accessibles \u00e0 tous. Cependant, le propri\u00e9taire du site peut exiger le remplissage d&#039;un formulaire avant d&#039;accorder l&#039;acc\u00e8s \u00e0 certains services propos\u00e9s. L&#039;utilisateur garantit l&#039;authenticit\u00e9 et l&#039;exactitude des donn\u00e9es fournies au propri\u00e9taire du site et est seul responsable de toute d\u00e9claration fausse ou inexacte. L&#039;utilisateur s&#039;engage express\u00e9ment \u00e0 utiliser le contenu et les services du propri\u00e9taire du site de mani\u00e8re appropri\u00e9e et notamment \u00e0 ne pas les utiliser pour\u00a0:<\/p>\n<ul>\n<li>Diffuser des contenus \u00e0 caract\u00e8re criminel, violent, pornographique, raciste, x\u00e9nophobe, offensant, faisant l&#039;apologie du terrorisme ou contraires \u00e0 la loi ou \u00e0 l&#039;ordre public.<\/li>\n<li>L\u2019introduction de virus informatiques dans le r\u00e9seau ou la r\u00e9alisation d\u2019actions susceptibles d\u2019alt\u00e9rer, d\u2019endommager, d\u2019interrompre ou de g\u00e9n\u00e9rer des erreurs ou des dommages aux documents \u00e9lectroniques, aux donn\u00e9es ou aux syst\u00e8mes physiques et logiques du PROPRI\u00c9TAIRE DU SITE WEB ou de tiers\u00a0; ainsi que l\u2019entrave \u00e0 l\u2019acc\u00e8s des autres utilisateurs au site web et \u00e0 ses services par la consommation massive des ressources informatiques par lesquelles le PROPRI\u00c9TAIRE DU SITE WEB fournit ses services.<\/li>\n<li>Toute tentative d&#039;acc\u00e8s aux comptes de messagerie d&#039;autres utilisateurs ou aux zones restreintes des syst\u00e8mes informatiques du PROPRI\u00c9TAIRE DU SITE WEB ou de tiers et, le cas \u00e9ch\u00e9ant, toute extraction d&#039;informations.<\/li>\n<li>Toute atteinte aux droits de propri\u00e9t\u00e9 intellectuelle ou industrielle, ainsi que toute violation de la confidentialit\u00e9 des informations appartenant au PROPRI\u00c9TAIRE DU SITE WEB ou \u00e0 des tiers.<\/li>\n<li>Usurper l&#039;identit\u00e9 d&#039;un autre utilisateur.<\/li>\n<li>Toute reproduction, copie, distribution, mise \u00e0 disposition ou toute autre forme de communication publique, transformation ou modification du contenu est interdite, sauf autorisation du titulaire des droits correspondants ou autorisation l\u00e9gale.<\/li>\n<li>Collecte de donn\u00e9es \u00e0 des fins publicitaires et envoi de publicit\u00e9s de toute nature et de communications \u00e0 des fins commerciales ou autres sans votre demande ou consentement pr\u00e9alable.<\/li>\n<\/ul>\n<p>L&#039;ensemble du contenu de ce site web, y compris les textes, photographies, graphismes, images, ic\u00f4nes, technologies, logiciels, ainsi que sa conception graphique et son code source, constitue une \u0153uvre appartenant au PROPRI\u00c9TAIRE DU SITE. Aucun droit d&#039;exploitation n&#039;est accord\u00e9 \u00e0 l&#039;utilisateur au-del\u00e0 de ce qui est strictement n\u00e9cessaire \u00e0 la bonne utilisation du site. En r\u00e9sum\u00e9, les utilisateurs acc\u00e9dant \u00e0 ce site peuvent consulter le contenu et, le cas \u00e9ch\u00e9ant, en r\u00e9aliser des copies priv\u00e9es autoris\u00e9es, \u00e0 condition que les \u00e9l\u00e9ments reproduits ne soient pas ult\u00e9rieurement transf\u00e9r\u00e9s \u00e0 des tiers, install\u00e9s sur des serveurs en r\u00e9seau ou utilis\u00e9s \u00e0 d&#039;autres fins. De plus, toutes les marques, d\u00e9nominations commerciales ou signes distinctifs de toute nature figurant sur le site sont la propri\u00e9t\u00e9 du PROPRI\u00c9TAIRE DU SITE, et l&#039;acc\u00e8s \u00e0 ce dernier ou son utilisation ne conf\u00e8re \u00e0 l&#039;utilisateur aucun droit sur ces \u00e9l\u00e9ments. La distribution, la modification, le transfert ou la communication publique du contenu, ainsi que tout autre acte non express\u00e9ment autoris\u00e9 par le titulaire des droits d&#039;auteur, sont interdits. L&#039;inclusion d&#039;un lien hypertexte n&#039;implique aucune relation entre le PROPRI\u00c9TAIRE DU SITE et le propri\u00e9taire du site web li\u00e9, ni aucune approbation ou validation par le PROPRI\u00c9TAIRE DU SITE de son contenu ou de ses services. Le propri\u00e9taire du site web n&#039;est pas responsable de la mani\u00e8re dont les utilisateurs utilisent les documents fournis sur ce site ni des actions qu&#039;ils entreprennent sur la base de ces documents.<\/p>\n<h3>4.1. EXCLUSION DE GARANTIES ET DE RESPONSABILIT\u00c9 CONCERNANT L&#039;ACC\u00c8S ET L&#039;UTILISATION<\/h3>\n<p>Le contenu de ce site web est de nature g\u00e9n\u00e9rale et \u00e0 titre informatif uniquement. L&#039;acc\u00e8s \u00e0 l&#039;int\u00e9gralit\u00e9 du contenu n&#039;est pas garanti, de m\u00eame que son exhaustivit\u00e9, son exactitude, sa validit\u00e9, son actualit\u00e9, son ad\u00e9quation ou son utilit\u00e9 \u00e0 un usage particulier. Le propri\u00e9taire du site web d\u00e9cline, dans la mesure permise par la loi, toute responsabilit\u00e9 pour les dommages de quelque nature que ce soit r\u00e9sultant de\u00a0:<\/p>\n<ul>\n<li>L\u2019impossibilit\u00e9 d\u2019acc\u00e9der au site web ou le manque de v\u00e9racit\u00e9, d\u2019exactitude, d\u2019exhaustivit\u00e9 et\/ou d\u2019actualit\u00e9 du contenu, ainsi que l\u2019existence de vices et de d\u00e9fauts de toute nature dans le contenu transmis, diffus\u00e9, stock\u00e9, mis \u00e0 disposition, auquel on a acc\u00e9d\u00e9 par le biais du site web ou des services propos\u00e9s.<\/li>\n<li>La pr\u00e9sence de virus ou d&#039;autres \u00e9l\u00e9ments dans le contenu susceptibles d&#039;alt\u00e9rer les syst\u00e8mes informatiques, les documents \u00e9lectroniques ou les donn\u00e9es des utilisateurs.<\/li>\n<li>Le non-respect des lois, de la bonne foi, de l&#039;ordre public, du code de la route et des pr\u00e9sentes mentions l\u00e9gales, cons\u00e9cutif \u00e0 une utilisation abusive du site web, engage la responsabilit\u00e9 du propri\u00e9taire du site. En particulier, et \u00e0 titre d&#039;exemple, ce dernier d\u00e9cline toute responsabilit\u00e9 quant aux actes de tiers portant atteinte aux droits de propri\u00e9t\u00e9 intellectuelle et industrielle, aux secrets commerciaux, etc.,<br \/>\nles droits \u00e0 l&#039;honneur, \u00e0 la vie priv\u00e9e personnelle et familiale et au droit \u00e0 l&#039;image, ainsi que les r\u00e9glementations relatives \u00e0 la concurrence d\u00e9loyale et \u00e0 la publicit\u00e9 ill\u00e9gale.<\/li>\n<\/ul>\n<p>De plus, le propri\u00e9taire du site web d\u00e9cline toute responsabilit\u00e9 quant aux informations figurant sur des sites externes non g\u00e9r\u00e9s directement par son webmestre. Les liens pr\u00e9sents sur ce site ont pour seul but d&#039;informer l&#039;utilisateur de l&#039;existence d&#039;autres sources susceptibles de compl\u00e9ter le contenu propos\u00e9. Le propri\u00e9taire du site web ne garantit ni n&#039;assume aucune responsabilit\u00e9 quant au fonctionnement ou \u00e0 l&#039;accessibilit\u00e9 des sites li\u00e9s\u00a0; il ne sugg\u00e8re, n&#039;invite ni ne recommande leur consultation et ne saurait donc \u00eatre tenu responsable des r\u00e9sultats obtenus. Le propri\u00e9taire du site web n&#039;est pas responsable de la cr\u00e9ation de liens hypertextes par des tiers.<\/p>\n<h3>4.2. PROC\u00c9DURE EN CAS D&#039;ACTIVIT\u00c9S ILL\u00c9GALES<\/h3>\n<p>Si un utilisateur ou un tiers estime qu&#039;il existe des faits ou des circonstances r\u00e9v\u00e9lant le caract\u00e8re illicite de l&#039;utilisation de tout contenu et\/ou de l&#039;ex\u00e9cution de toute activit\u00e9 sur les pages Web incluses dans ou accessibles par le biais du site Web, il doit envoyer une notification au PROPRI\u00c9TAIRE DU SITE WEB, en s&#039;identifiant correctement et en pr\u00e9cisant les infractions pr\u00e9sum\u00e9es.<\/p>\n<h3>4.3. PUBLICATIONS<\/h3>\n<p>Les informations administratives fournies sur ce site web ne sauraient se substituer \u00e0 la publication officielle des lois, r\u00e8glements, plans, dispositions g\u00e9n\u00e9rales et actes, lesquels doivent \u00eatre publi\u00e9s au Journal officiel des administrations publiques, seul instrument faisant foi de leur authenticit\u00e9 et de leur contenu. Les informations disponibles sur ce site web sont donn\u00e9es \u00e0 titre indicatif et n&#039;ont aucune valeur juridique.<\/p>\n<h2>5. L\u00c9GISLATION APPLICABLE<\/h2>\n<p>Les pr\u00e9sentes conditions g\u00e9n\u00e9rales sont r\u00e9gies par le droit espagnol en vigueur. La langue utilis\u00e9e sera l&#039;espagnol.<\/p>\n<\/div>\n<\/div>\n<\/div>\n<\/div>\n<\/div>\n<\/section>\n<\/div>\n<footer class=\"elementor elementor-5724 elementor-location-footer\" data-elementor-type=\"footer\" data-elementor-id=\"5724\" data-elementor-post-type=\"elementor_library\">\n<section id=\"footer\" class=\"elementor-section elementor-top-section elementor-element elementor-element-0e776fb elementor-section-boxed elementor-section-height-default elementor-section-height-default\" data-dce-background-color=\"#FFE9FD\" data-id=\"0e776fb\" data-element_type=\"section\" data-e-type=\"section\" data-settings=\"{&quot;background_background&quot;:&quot;classic&quot;}\">\n<div class=\"elementor-container elementor-column-gap-default\">\n<div class=\"elementor-column elementor-col-25 elementor-top-column elementor-element elementor-element-2ff50c1 columna col1\" data-id=\"2ff50c1\" data-element_type=\"column\" data-e-type=\"column\">\n<div class=\"elementor-widget-wrap elementor-element-populated\">\n<div class=\"elementor-element elementor-element-de21f37 elementor-widget elementor-widget-image\" data-id=\"de21f37\" data-element_type=\"widget\" data-e-type=\"widget\" data-widget_type=\"image.default\"><\/div>\n<\/div>\n<\/div>\n<\/div>\n<\/section>\n<\/footer>","protected":false},"excerpt":{"rendered":"<p>1. OBJETO El presente aviso legal regula el uso y utilizaci\u00f3n del sitio web www.clinicamuller.es, del que es titular MICO SANTOYO S.L. (en adelante, EL [&hellip;]<\/p>\n","protected":false},"author":1,"featured_media":0,"parent":0,"menu_order":0,"comment_status":"closed","ping_status":"closed","template":"template-legal.php","meta":{"_acf_changed":false,"footnotes":""},"class_list":["post-705","page","type-page","status-publish","hentry"],"acf":[],"yoast_head":"<!-- This site is optimized with the Yoast SEO plugin v28.3 - https:\/\/yoast.com\/product\/yoast-seo-wordpress\/ -->\n<title>Aviso Legal en Valencia &#8212; MIDSA<\/title>\n<meta name=\"description\" content=\"Aviso legal de MIDSA Cl\u00ednica Dental. Informaci\u00f3n legal, condiciones de uso y datos del titular del sitio web midsa.es.\" \/>\n<meta name=\"robots\" content=\"noindex, follow\" \/>\n<meta property=\"og:locale\" content=\"fr_FR\" \/>\n<meta property=\"og:type\" content=\"article\" \/>\n<meta property=\"og:title\" content=\"Aviso Legal en Valencia &#8212; MIDSA\" \/>\n<meta property=\"og:description\" content=\"Aviso legal de MIDSA Cl\u00ednica Dental. Informaci\u00f3n legal, condiciones de uso y datos del titular del sitio web midsa.es.\" \/>\n<meta property=\"og:url\" content=\"https:\/\/midsa.es\/fr\/avis-juridique\/\" \/>\n<meta property=\"og:site_name\" content=\"MIDSA\" \/>\n<meta property=\"article:publisher\" content=\"https:\/\/www.facebook.com\/midsaodontologiavalencia\" \/>\n<meta property=\"article:modified_time\" content=\"2026-04-15T07:29:47+00:00\" \/>\n<meta property=\"og:image\" content=\"https:\/\/midsa.es\/wp-content\/uploads\/2026\/04\/logo-midsa-web.webp\" \/>\n\t<meta property=\"og:image:width\" content=\"1200\" \/>\n\t<meta property=\"og:image:height\" content=\"675\" \/>\n\t<meta property=\"og:image:type\" content=\"image\/webp\" \/>\n<meta name=\"twitter:card\" content=\"summary_large_image\" \/>\n<meta name=\"twitter:label1\" content=\"Dur\u00e9e de lecture estim\u00e9e\" \/>\n\t<meta name=\"twitter:data1\" content=\"7 minutes\" \/>\n<script type=\"application\/ld+json\" class=\"yoast-schema-graph\">{\"@context\":\"https:\\\/\\\/schema.org\",\"@graph\":[{\"@type\":\"WebPage\",\"@id\":\"https:\\\/\\\/midsa.es\\\/aviso-legal\\\/\",\"url\":\"https:\\\/\\\/midsa.es\\\/aviso-legal\\\/\",\"name\":\"Aviso Legal en Valencia &#8212; MIDSA\",\"isPartOf\":{\"@id\":\"https:\\\/\\\/midsa.es\\\/#website\"},\"datePublished\":\"2026-04-14T13:24:08+00:00\",\"dateModified\":\"2026-04-15T07:29:47+00:00\",\"description\":\"Aviso legal de MIDSA Cl\u00ednica Dental. Informaci\u00f3n legal, condiciones de uso y datos del titular del sitio web midsa.es.\",\"breadcrumb\":{\"@id\":\"https:\\\/\\\/midsa.es\\\/aviso-legal\\\/#breadcrumb\"},\"inLanguage\":\"fr-FR\",\"potentialAction\":[{\"@type\":\"ReadAction\",\"target\":[\"https:\\\/\\\/midsa.es\\\/aviso-legal\\\/\"]}]},{\"@type\":\"BreadcrumbList\",\"@id\":\"https:\\\/\\\/midsa.es\\\/aviso-legal\\\/#breadcrumb\",\"itemListElement\":[{\"@type\":\"ListItem\",\"position\":1,\"name\":\"Portada\",\"item\":\"https:\\\/\\\/midsa.es\\\/\"},{\"@type\":\"ListItem\",\"position\":2,\"name\":\"Aviso Legal\"}]},{\"@type\":\"WebSite\",\"@id\":\"https:\\\/\\\/midsa.es\\\/#website\",\"url\":\"https:\\\/\\\/midsa.es\\\/\",\"name\":\"Midsa Odontolog\u00eda & Co\",\"description\":\"Somos MIDSA, Cl&iacute;nica Dental en Valencia. Odontolog&iacute;a avanzada con trato cercano en el coraz&oacute;n de Valencia.\",\"publisher\":{\"@id\":\"https:\\\/\\\/midsa.es\\\/#organization\"},\"alternateName\":\"Midsa Odontolog\u00eda\",\"potentialAction\":[{\"@type\":\"SearchAction\",\"target\":{\"@type\":\"EntryPoint\",\"urlTemplate\":\"https:\\\/\\\/midsa.es\\\/?s={search_term_string}\"},\"query-input\":{\"@type\":\"PropertyValueSpecification\",\"valueRequired\":true,\"valueName\":\"search_term_string\"}}],\"inLanguage\":\"fr-FR\"},{\"@type\":\"Organization\",\"@id\":\"https:\\\/\\\/midsa.es\\\/#organization\",\"name\":\"Midsa Odontolog\u00eda & Co\",\"alternateName\":\"Midsa Odontolog\u00eda\",\"url\":\"https:\\\/\\\/midsa.es\\\/\",\"logo\":{\"@type\":\"ImageObject\",\"inLanguage\":\"fr-FR\",\"@id\":\"https:\\\/\\\/midsa.es\\\/#\\\/schema\\\/logo\\\/image\\\/\",\"url\":\"https:\\\/\\\/midsa.es\\\/wp-content\\\/uploads\\\/2026\\\/03\\\/logo_midsa.png\",\"contentUrl\":\"https:\\\/\\\/midsa.es\\\/wp-content\\\/uploads\\\/2026\\\/03\\\/logo_midsa.png\",\"width\":1080,\"height\":361,\"caption\":\"Midsa Odontolog\u00eda & Co\"},\"image\":{\"@id\":\"https:\\\/\\\/midsa.es\\\/#\\\/schema\\\/logo\\\/image\\\/\"},\"sameAs\":[\"https:\\\/\\\/www.facebook.com\\\/midsaodontologiavalencia\",\"https:\\\/\\\/www.instagram.com\\\/midsaodontologia\\\/\"]}]}<\/script>\n<!-- \/ Yoast SEO plugin. -->","yoast_head_json":{"title":"Avis juridique \u00e0 Valence \u2014 MIDSA","description":"Mentions l\u00e9gales de la clinique dentaire MIDSA. Informations l\u00e9gales, conditions d&#039;utilisation et coordonn\u00e9es du propri\u00e9taire du site web midsa.es.","robots":{"index":"noindex","follow":"follow"},"og_locale":"fr_FR","og_type":"article","og_title":"Aviso Legal en Valencia &#8212; MIDSA","og_description":"Aviso legal de MIDSA Cl\u00ednica Dental. Informaci\u00f3n legal, condiciones de uso y datos del titular del sitio web midsa.es.","og_url":"https:\/\/midsa.es\/fr\/avis-juridique\/","og_site_name":"MIDSA","article_publisher":"https:\/\/www.facebook.com\/midsaodontologiavalencia","article_modified_time":"2026-04-15T07:29:47+00:00","og_image":[{"width":1200,"height":675,"url":"https:\/\/midsa.es\/wp-content\/uploads\/2026\/04\/logo-midsa-web.webp","type":"image\/webp"}],"twitter_card":"summary_large_image","twitter_misc":{"Dur\u00e9e de lecture estim\u00e9e":"7 minutes"},"schema":{"@context":"https:\/\/schema.org","@graph":[{"@type":"WebPage","@id":"https:\/\/midsa.es\/aviso-legal\/","url":"https:\/\/midsa.es\/aviso-legal\/","name":"Avis juridique \u00e0 Valence \u2014 MIDSA","isPartOf":{"@id":"https:\/\/midsa.es\/#website"},"datePublished":"2026-04-14T13:24:08+00:00","dateModified":"2026-04-15T07:29:47+00:00","description":"Mentions l\u00e9gales de la clinique dentaire MIDSA. Informations l\u00e9gales, conditions d&#039;utilisation et coordonn\u00e9es du propri\u00e9taire du site web midsa.es.","breadcrumb":{"@id":"https:\/\/midsa.es\/aviso-legal\/#breadcrumb"},"inLanguage":"fr-FR","potentialAction":[{"@type":"ReadAction","target":["https:\/\/midsa.es\/aviso-legal\/"]}]},{"@type":"BreadcrumbList","@id":"https:\/\/midsa.es\/aviso-legal\/#breadcrumb","itemListElement":[{"@type":"ListItem","position":1,"name":"Portada","item":"https:\/\/midsa.es\/"},{"@type":"ListItem","position":2,"name":"Aviso Legal"}]},{"@type":"WebSite","@id":"https:\/\/midsa.es\/#website","url":"https:\/\/midsa.es\/","name":"Midsa Dentistry &amp; Co","description":"Nous sommes MIDSA, une clinique dentaire \u00e0 Valence. Des soins dentaires de pointe et un service personnalis\u00e9 au c\u0153ur de Valence.","publisher":{"@id":"https:\/\/midsa.es\/#organization"},"alternateName":"Midsa Odontolog\u00eda","potentialAction":[{"@type":"SearchAction","target":{"@type":"EntryPoint","urlTemplate":"https:\/\/midsa.es\/?s={search_term_string}"},"query-input":{"@type":"PropertyValueSpecification","valueRequired":true,"valueName":"search_term_string"}}],"inLanguage":"fr-FR"},{"@type":"Organization","@id":"https:\/\/midsa.es\/#organization","name":"Midsa Dentistry &amp; Co","alternateName":"Midsa Odontolog\u00eda","url":"https:\/\/midsa.es\/","logo":{"@type":"ImageObject","inLanguage":"fr-FR","@id":"https:\/\/midsa.es\/#\/schema\/logo\/image\/","url":"https:\/\/midsa.es\/wp-content\/uploads\/2026\/03\/logo_midsa.png","contentUrl":"https:\/\/midsa.es\/wp-content\/uploads\/2026\/03\/logo_midsa.png","width":1080,"height":361,"caption":"Midsa Odontolog\u00eda & Co"},"image":{"@id":"https:\/\/midsa.es\/#\/schema\/logo\/image\/"},"sameAs":["https:\/\/www.facebook.com\/midsaodontologiavalencia","https:\/\/www.instagram.com\/midsaodontologia\/"]}]}},"_links":{"self":[{"href":"https:\/\/midsa.es\/fr\/wp-json\/wp\/v2\/pages\/705","targetHints":{"allow":["GET"]}}],"collection":[{"href":"https:\/\/midsa.es\/fr\/wp-json\/wp\/v2\/pages"}],"about":[{"href":"https:\/\/midsa.es\/fr\/wp-json\/wp\/v2\/types\/page"}],"author":[{"embeddable":true,"href":"https:\/\/midsa.es\/fr\/wp-json\/wp\/v2\/users\/1"}],"replies":[{"embeddable":true,"href":"https:\/\/midsa.es\/fr\/wp-json\/wp\/v2\/comments?post=705"}],"version-history":[{"count":1,"href":"https:\/\/midsa.es\/fr\/wp-json\/wp\/v2\/pages\/705\/revisions"}],"predecessor-version":[{"id":706,"href":"https:\/\/midsa.es\/fr\/wp-json\/wp\/v2\/pages\/705\/revisions\/706"}],"wp:attachment":[{"href":"https:\/\/midsa.es\/fr\/wp-json\/wp\/v2\/media?parent=705"}],"curies":[{"name":"wp","href":"https:\/\/api.w.org\/{rel}","templated":true}]}}